{"id":47,"date":"2014-08-18T04:44:36","date_gmt":"2014-08-18T04:44:36","guid":{"rendered":"http:\/\/spu.org.uy\/sitio\/?page_id=47"},"modified":"2021-05-17T17:16:10","modified_gmt":"2021-05-17T17:16:10","slug":"revistas","status":"publish","type":"page","link":"http:\/\/spu.org.uy\/sitio\/?page_id=47","title":{"rendered":"Revistas"},"content":{"rendered":"\n<!-- Page-list plugin v.5.7 wordpress.org\/plugins\/page-list\/ -->\n<div class=\"page-list page-list-ext \">\n<div class=\"page-list-ext-item\"><h3 class=\"page-list-ext-title\"><a href=\"http:\/\/spu.org.uy\/sitio\/?page_id=590\" title=\"Normas de aceptaci\u00f3n de originales\">Normas de aceptaci\u00f3n de originales<\/a><\/h3><div class=\"page-list-ext-item-content\"> \n\n\n \n<\/div><\/div>\n<div class=\"page-list-ext-item\"><h3 class=\"page-list-ext-title\"><a href=\"http:\/\/spu.org.uy\/sitio\/?page_id=2235\" title=\"Octubre 2025\">Octubre 2025<\/a><\/h3><div class=\"page-list-ext-item-content\">\nRevista de Psiquiatr\u00eda del Uruguay  \n\n\n\nVol. 89 No. 1  \n\n\n\n  \n\n\n\nSUMARIO  \n\n\n\nEditorial  \n\n\n\nAtenci\u00f3n en salud mental, entre continuidad y cambio  \n\n\n\nSandra Romano \n\n\n\nTrabajo  original  \n\n\n\nPerfil epidemiol\u00f3gico de los pacientes en emergencias psiqui\u00e1tricas en ...<\/div><\/div>\n<div class=\"page-list-ext-item\"><h3 class=\"page-list-ext-title\"><a href=\"http:\/\/spu.org.uy\/sitio\/?page_id=2182\" title=\"Revistas 2024\">Revistas 2024<\/a><\/h3><div class=\"page-list-ext-item-content\">\n  \n\n\n\nDICIEMBRE 2024  \n\n\n\nSETIEMBRE 2024   \n\n\n\n \n<\/div><\/div>\n<div class=\"page-list-ext-item\"><div class=\"page-list-ext-image\"><a href=\"http:\/\/spu.org.uy\/sitio\/?page_id=2223\" title=\"Diciembre 2024\"><img src=\"http:\/\/spu.org.uy\/sitio\/wp-content\/uploads\/2025\/01\/Tapa_88_2-150x150.png\" width=\"150\" alt=\"Diciembre 2024\" \/><\/a><\/div> <h3 class=\"page-list-ext-title\"><a href=\"http:\/\/spu.org.uy\/sitio\/?page_id=2223\" title=\"Diciembre 2024\">Diciembre 2024<\/a><\/h3><div class=\"page-list-ext-item-content\">\nRevista de Psiquiatr\u00eda del Uruguay  \n\n\n\nVol. 88 No. 2  \n\n\n\n  \n\n\n\nSUMARIO  \n\n\n\nEditorial  \n\n\n\nPol\u00edtica de salud mental y transici\u00f3n de gobierno 2025: coincidencias, disidencias y oportunidades  \n\n\n\nSandra Romano \n\n\n\nTrabajo original  \n\n\n\nPrescripci\u00f3n de ...<\/div><\/div>\n<div class=\"page-list-ext-item\"><h3 class=\"page-list-ext-title\"><a href=\"http:\/\/spu.org.uy\/sitio\/?page_id=2194\" title=\"Setiembre 2024\">Setiembre 2024<\/a><\/h3><div class=\"page-list-ext-item-content\">\nRevista de Psiquiatr\u00eda del Uruguay  \n\n\n\nVol. 88 No. 1  \n\n\n\n \n\n\n\nSUMARIO  \n\n\n\nEditorial  \n\n\n\nInterdisciplina: necesidad y riqueza  \n\n\n\nSandra Romano \n\n\n\nRevisi\u00f3n  \n\n\n\nEl secuestro de la voluntad. Bases moleculares de los cambios pl\u00e1sticos en la adicci\u00f3n  \n\n...<\/div><\/div>\n<div class=\"page-list-ext-item\"><h3 class=\"page-list-ext-title\"><a href=\"http:\/\/spu.org.uy\/sitio\/?page_id=2119\" title=\"Revistas 2023\">Revistas 2023<\/a><\/h3><div class=\"page-list-ext-item-content\">\nDICIEMBRE 2023    \n\n\n\n \n\n\n\nAGOSTO 2023    \n\n\n\n \n<\/div><\/div>\n<div class=\"page-list-ext-item\"><div class=\"page-list-ext-image\"><a href=\"http:\/\/spu.org.uy\/sitio\/?page_id=2139\" title=\"Diciembre 2023\"><img src=\"http:\/\/spu.org.uy\/sitio\/wp-content\/uploads\/2024\/01\/Tapa_87_02-150x150.jpg\" width=\"150\" alt=\"Diciembre 2023\" \/><\/a><\/div> <h3 class=\"page-list-ext-title\"><a href=\"http:\/\/spu.org.uy\/sitio\/?page_id=2139\" title=\"Diciembre 2023\">Diciembre 2023<\/a><\/h3><div class=\"page-list-ext-item-content\">\nRevista de Psiquiatr\u00eda del Uruguay  \n\n\n\nVol. 87 No. 2  \n\n\n\n \n\n\n\nSumario  \n\n\n\nEditorial  \n\n\n\nUn siglo de trayectoria de la Sociedad de Psiquiatr\u00eda del Uruguay  \n\n\n\nSandra Romano \n\n\n\nTrabajo original breve  \n\n\n\nAportes del Hospital de D\u00eda para la atenci\u00f3n de ...<\/div><\/div>\n<div class=\"page-list-ext-item\"><h3 class=\"page-list-ext-title\"><a href=\"http:\/\/spu.org.uy\/sitio\/?page_id=2108\" title=\"Agosto 2023\">Agosto 2023<\/a><\/h3><div class=\"page-list-ext-item-content\">\nRevista de Psiquiatr\u00eda del Uruguay  \n\n\n\nVol. 87 No. 1  \n\n\n\n \n\n\n\nSumario  \n\n\n\nEditorial  \n\n\n\nAcompa\u00f1ando los tiempos  \n\n\n\nSandra Romano \n\n\n\nTrabajo original  \n\n\n\nExperiencia de la l\u00ednea 0800 1920 durante la emergencia sanitaria por la covid-19 en Uruguay du...<\/div><\/div>\n<div class=\"page-list-ext-item\"><h3 class=\"page-list-ext-title\"><a href=\"http:\/\/spu.org.uy\/sitio\/?page_id=1963\" title=\"Revista 2022\">Revista 2022<\/a><\/h3><div class=\"page-list-ext-item-content\">\n \n\n\n\nSETIEMBRE 2022   \n<\/div><\/div>\n<div class=\"page-list-ext-item\"><h3 class=\"page-list-ext-title\"><a href=\"http:\/\/spu.org.uy\/sitio\/?page_id=2015\" title=\"Diciembre 2022\">Diciembre 2022<\/a><\/h3><div class=\"page-list-ext-item-content\">\nRevista de Psiquiatr\u00eda del Uruguay  \n\n\n\nVol. 86 No. 2  \n\n\n\n  \n\n\n\nSumario  \n\n\n\nEditorial  \n\n\n\nInvitaci\u00f3n a compartir registros 1923-2023  \n\n\n\nSandra Romano \n\n\n\nConferencia  \n\n\n\nLa depresi\u00f3n con ideas suicidas presenta disfunciones corticales prefrontales qu...<\/div><\/div>\n<div class=\"page-list-ext-item\"><h3 class=\"page-list-ext-title\"><a href=\"http:\/\/spu.org.uy\/sitio\/?page_id=1966\" title=\"Setiembre 2022\">Setiembre 2022<\/a><\/h3><div class=\"page-list-ext-item-content\">\nRevista de Psiquiatr\u00eda del Uruguay   \n\n\n\nVol. 86 No. 1  \n\n\n\n \n\n\n\nSumario  \n\n\n\nEditorial \n\n\n\nLos psiquiatras en el Sistema de Salud de Uruguay: \u00bfCu\u00e1ntos somos?, \u00bfcu\u00e1ntos se necesitan?   \n\n\n\nSandra Romano \n\n\n\nTrabajo original \n\n\n\nAbordar a la persona entr...<\/div><\/div>\n<div class=\"page-list-ext-item\"><h3 class=\"page-list-ext-title\"><a href=\"http:\/\/spu.org.uy\/sitio\/?page_id=1879\" title=\"Revista 2021\">Revista 2021<\/a><\/h3><div class=\"page-list-ext-item-content\">\n \n\n\n\nOCTUBRE 2021   \n<\/div><\/div>\n<div class=\"page-list-ext-item\"><h3 class=\"page-list-ext-title\"><a href=\"http:\/\/spu.org.uy\/sitio\/?page_id=1883\" title=\"Octubre 2021\">Octubre 2021<\/a><\/h3><div class=\"page-list-ext-item-content\">\nRevista de Psiquiatr\u00eda del Uruguay \n\n\n\nVol. 85 No. 1 \n\n\n\n  \n\n\n\nSumario  \n\n\n\nEditorial  \n\n\n\nCuatro a\u00f1os de vigencia de la Ley de Salud Mental N\u00b0 19.529  \n\n\n\nSandra Romano, Fernanda Porteiro, Sergio Oneto \n\n\n\nTrabajo original  \n\n\n\nCovid-19 y autismo: im...<\/div><\/div>\n<div class=\"page-list-ext-item\"><h3 class=\"page-list-ext-title\"><a href=\"http:\/\/spu.org.uy\/sitio\/?page_id=1710\" title=\"Revista 2020\">Revista 2020<\/a><\/h3><div class=\"page-list-ext-item-content\">\n DICIEMBRE 2020    \n\n\n\nSETIEMBRE 2020   \n\n\n\n \n<\/div><\/div>\n<div class=\"page-list-ext-item\"><h3 class=\"page-list-ext-title\"><a href=\"http:\/\/spu.org.uy\/sitio\/?page_id=1745\" title=\"Diciembre 2020\">Diciembre 2020<\/a><\/h3><div class=\"page-list-ext-item-content\">\nRevista de Psiquiatr\u00eda del Uruguay \n\n\n\nVol. 84 No. 2 \n\n\n\n  \n\n\n\nSumario \n\n\n\nEditorial  \n\n\n\nEl trabajo en equipo, resiliencia y exigencia  \n\n\n\nRomano, S. \n\n\n\nT rabajo original  \n\n\n\nAn\u00e1lisis de la poblaci\u00f3n ingresada con internaci\u00f3n prolongada en Hospital Vil...<\/div><\/div>\n<div class=\"page-list-ext-item\"><h3 class=\"page-list-ext-title\"><a href=\"http:\/\/spu.org.uy\/sitio\/?page_id=1714\" title=\"Setiembre 2020\">Setiembre 2020<\/a><\/h3><div class=\"page-list-ext-item-content\">\nRevista de Psiquiatr\u00eda del Uruguay \n\n\n\nVol. 84 No. 1, Setiembre 2020 \n\n\n\n \n\n\n\nSumario \n\n\n\nEditorial  \n\n\n\nSalud Mental en el a\u00f1o 2020  \n\n\n\nCuerpo de Redacci\u00f3n \n\n\n\nT rabajo original  \n\n\n\nLos procesos de alcoholizaci\u00f3n en el Chaco boliviano  \n\n\n\nMart\u00ednez Diba...<\/div><\/div>\n<div class=\"page-list-ext-item\"><div class=\"page-list-ext-image\"><a href=\"http:\/\/spu.org.uy\/sitio\/?page_id=1572\" title=\"Revista 2019\"><img src=\"http:\/\/spu.org.uy\/sitio\/wp-content\/uploads\/2019\/10\/TAPA_83_01-150x150.jpg\" width=\"150\" alt=\"Revista 2019\" \/><\/a><\/div> <h3 class=\"page-list-ext-title\"><a href=\"http:\/\/spu.org.uy\/sitio\/?page_id=1572\" title=\"Revista 2019\">Revista 2019<\/a><\/h3><div class=\"page-list-ext-item-content\">Octubre 2019 \r\n\r\n \r\n\r\n&nbsp;<\/div><\/div>\n<div class=\"page-list-ext-item\"><h3 class=\"page-list-ext-title\"><a href=\"http:\/\/spu.org.uy\/sitio\/?page_id=1575\" title=\"Octubre 2019\">Octubre 2019<\/a><\/h3><div class=\"page-list-ext-item-content\">Revista de Psiquiatr\u00eda del Uruguay \r\nVol. 83 No. 1, Octubre 2019 \r\n \r\nSumario \r\n&nbsp;\r\n\r\nEditorial \r\n\r\nModelo de atenci\u00f3n y rol de los psiquiatras: desaf\u00edos de la Ley N\u00ba 19.529 \r\n\r\nSandra Romano\r\n\r\n&nbsp;\r\n\r\nT rabajo original \r\n\r\nSatisfacci\u00f3n de los ...<\/div><\/div>\n<div class=\"page-list-ext-item\"><h3 class=\"page-list-ext-title\"><a href=\"http:\/\/spu.org.uy\/sitio\/?page_id=1495\" title=\"Revista 2018\">Revista 2018<\/a><\/h3><div class=\"page-list-ext-item-content\">Diciembre 2018 \r\n  \r\n&nbsp;<\/div><\/div>\n<div class=\"page-list-ext-item\"><div class=\"page-list-ext-image\"><a href=\"http:\/\/spu.org.uy\/sitio\/?page_id=1476\" title=\"Diciembre 2018\"><img src=\"http:\/\/spu.org.uy\/sitio\/wp-content\/uploads\/2018\/12\/TAPA_82_01-150x150.jpg\" width=\"150\" alt=\"Diciembre 2018\" \/><\/a><\/div> <h3 class=\"page-list-ext-title\"><a href=\"http:\/\/spu.org.uy\/sitio\/?page_id=1476\" title=\"Diciembre 2018\">Diciembre 2018<\/a><\/h3><div class=\"page-list-ext-item-content\">Revista de Psiquiatr\u00eda del Uruguay \r\nVol. 82 No. 1, Diciembre 2018 \r\n&nbsp;\r\nSumario \r\n&nbsp;\r\n\r\nEditorial \r\n\r\nVigencia y actualizaci\u00f3n de la Revista de Psiquiatr\u00eda del Uruguay \r\n\r\nSandra Romano\r\n\r\n&nbsp;\r\n\r\nConferencia \r\n\r\nDisfunci\u00f3n de las \u00e1reas y ci...<\/div><\/div>\n<div class=\"page-list-ext-item\"><h3 class=\"page-list-ext-title\"><a href=\"http:\/\/spu.org.uy\/sitio\/?page_id=1304\" title=\"Revista 2017\">Revista 2017<\/a><\/h3><div class=\"page-list-ext-item-content\">Diciembre 2017  \n \n \n \n \n&nbsp;\n\n&nbsp;\n\n&nbsp;\n\n&nbsp;\nAgosto 2017  \n <\/div><\/div>\n<div class=\"page-list-ext-item\"><div class=\"page-list-ext-image\"><a href=\"http:\/\/spu.org.uy\/sitio\/?page_id=1330\" title=\"Diciembre 2017\"><img src=\"http:\/\/spu.org.uy\/sitio\/wp-content\/uploads\/2018\/01\/TAPA_81_2-150x150.jpg\" width=\"150\" alt=\"Diciembre 2017\" \/><\/a><\/div> <h3 class=\"page-list-ext-title\"><a href=\"http:\/\/spu.org.uy\/sitio\/?page_id=1330\" title=\"Diciembre 2017\">Diciembre 2017<\/a><\/h3><div class=\"page-list-ext-item-content\">Revista de Psiquiatr\u00eda del Uruguay \r\nVol. 81 No. 2, Diciembre 2017 \r\n&nbsp;\r\nSumario \r\n&nbsp;\r\n\r\nEditorial \r\n\r\nOportunidades y desaf\u00edos de la Ley 19.529 \r\n\r\nSandra Romano\r\n\r\n&nbsp;\r\n\r\nOriginales breves \r\n\r\nCorrelaci\u00f3n de las concentraciones plasm\u00e1ticas de ...<\/div><\/div>\n<div class=\"page-list-ext-item\"><div class=\"page-list-ext-image\"><a href=\"http:\/\/spu.org.uy\/sitio\/?page_id=1282\" title=\"Agosto 2017\"><img src=\"http:\/\/spu.org.uy\/sitio\/wp-content\/uploads\/2017\/09\/TAPA_81_1-150x150.jpg\" width=\"150\" alt=\"Agosto 2017\" \/><\/a><\/div> <h3 class=\"page-list-ext-title\"><a href=\"http:\/\/spu.org.uy\/sitio\/?page_id=1282\" title=\"Agosto 2017\">Agosto 2017<\/a><\/h3><div class=\"page-list-ext-item-content\">Revista de Psiquiatr\u00eda del Uruguay \r\nVol. 81 No. 1, Agosto 2017 \r\n&nbsp;\r\nSumario \r\n&nbsp;\r\n\r\nEditorial  \r\n\r\nSandra Romano\r\n\r\n&nbsp;\r\n\r\nTrabajos originales \r\n\r\nConducta suicida en adolescentes y j\u00f3venes en Uruguay: caracter\u00edsticas de los registros y ...<\/div><\/div>\n<div class=\"page-list-ext-item\"><h3 class=\"page-list-ext-title\"><a href=\"http:\/\/spu.org.uy\/sitio\/?page_id=457\" title=\"Revista 2016\">Revista 2016<\/a><\/h3><div class=\"page-list-ext-item-content\">Setiembre 2016  \n&nbsp;\n\n \n\n&nbsp;\nDiciembre 2016  \n <\/div><\/div>\n<div class=\"page-list-ext-item\"><div class=\"page-list-ext-image\"><a href=\"http:\/\/spu.org.uy\/sitio\/?page_id=1170\" title=\"Diciembre 2016\"><img src=\"http:\/\/spu.org.uy\/sitio\/wp-content\/uploads\/2017\/01\/TAPA_80_02-150x150.jpg\" width=\"150\" alt=\"Diciembre 2016\" \/><\/a><\/div> <h3 class=\"page-list-ext-title\"><a href=\"http:\/\/spu.org.uy\/sitio\/?page_id=1170\" title=\"Diciembre 2016\">Diciembre 2016<\/a><\/h3><div class=\"page-list-ext-item-content\">Revista de Psiquiatr\u00eda del Uruguay \r\nVol. 80 No. 2, Diciembre 2016 \r\n&nbsp;\r\nIndice \r\n&nbsp;\r\n\r\nEditorial \r\n\r\nEl necesario reconocimiento \r\n\r\nRafael Sibils\r\n\r\nRevisi\u00f3n \r\n\r\nPsicobiolog\u00eda del suicidio y las ideas suicidas \r\n\r\nFederico Dajas\r\n\r\nRevisi\u00f3n \r\n\r...<\/div><\/div>\n<div class=\"page-list-ext-item\"><div class=\"page-list-ext-image\"><a href=\"http:\/\/spu.org.uy\/sitio\/?page_id=1134\" title=\"Setiembre 2016\"><img src=\"http:\/\/spu.org.uy\/sitio\/wp-content\/uploads\/2016\/09\/TAPA_80_01-150x150.jpg\" width=\"150\" alt=\"Setiembre 2016\" \/><\/a><\/div> <h3 class=\"page-list-ext-title\"><a href=\"http:\/\/spu.org.uy\/sitio\/?page_id=1134\" title=\"Setiembre 2016\">Setiembre 2016<\/a><\/h3><div class=\"page-list-ext-item-content\">Revista de Psiquiatr\u00eda del Uruguay  \r\nVol. 80 No. 1, Setiembre 2016  \r\n&nbsp;\r\nIndice \r\n&nbsp;\r\n\r\nEditorial \r\n\r\nDebate sobre salud mental, desaf\u00edo y oportunidad. \r\n\r\nSandra Romano \r\n\r\nTrabajo original \r\n\r\nEmbarazo en pacientes con esquizofrenia. \r\n\r\nGabriela L...<\/div><\/div>\n<div class=\"page-list-ext-item\"><h3 class=\"page-list-ext-title\"><a href=\"http:\/\/spu.org.uy\/sitio\/?page_id=839\" title=\"Revistas 2015\">Revistas 2015<\/a><\/h3><div class=\"page-list-ext-item-content\">Diciembre 2015  \r\n&nbsp;\r\n  \r\n\r\n \r\nJulio 2015   \r\n&nbsp;\r\n  <\/div><\/div>\n<div class=\"page-list-ext-item\"><div class=\"page-list-ext-image\"><a href=\"http:\/\/spu.org.uy\/sitio\/?page_id=966\" title=\"Diciembre 2015\"><img src=\"http:\/\/spu.org.uy\/sitio\/wp-content\/uploads\/2015\/12\/TAPA_79_02-150x150.jpg\" width=\"150\" alt=\"Diciembre 2015\" \/><\/a><\/div> <h3 class=\"page-list-ext-title\"><a href=\"http:\/\/spu.org.uy\/sitio\/?page_id=966\" title=\"Diciembre 2015\">Diciembre 2015<\/a><\/h3><div class=\"page-list-ext-item-content\">Revista de Psiquiatr\u00eda del Uruguay  \r\nVol. 79 No. 2, Diciembre 2015  \r\n&nbsp;\r\nIndice \r\n&nbsp;\r\n\r\nEditorial \r\n\r\nAprehendiendo el pasado, construyendo el futuro \r\n\r\nSandra Romano \r\n\r\nConmemoraci\u00f3n \r\n\r\nDialogando sobre los 80 a\u00f1os de la Revista de Psiquiatr\u00eda del...<\/div><\/div>\n<div class=\"page-list-ext-item\"><div class=\"page-list-ext-image\"><a href=\"http:\/\/spu.org.uy\/sitio\/?page_id=817\" title=\"Julio 2015\"><img src=\"http:\/\/spu.org.uy\/sitio\/wp-content\/uploads\/2015\/08\/Tapa-vol-79-n1-julio-2015-150x150.png\" width=\"150\" alt=\"Julio 2015\" \/><\/a><\/div> <h3 class=\"page-list-ext-title\"><a href=\"http:\/\/spu.org.uy\/sitio\/?page_id=817\" title=\"Julio 2015\">Julio 2015<\/a><\/h3><div class=\"page-list-ext-item-content\">Revista de Psiquiatr\u00eda del Uruguay  \r\nVol. 79 No. 1, Julio 2015  \r\n&nbsp;\r\nIndice \r\n&nbsp;\r\n\r\nEditorial  \r\n\r\nSandra Romano \r\n\r\nTrabajo original \r\n\r\nDescripci\u00f3n de la poblaci\u00f3n asistida en la sala de salud mantal del Hospital Maciel en un a\u00f1o (1 de feb...<\/div><\/div>\n<div class=\"page-list-ext-item\"><h3 class=\"page-list-ext-title\"><a href=\"http:\/\/spu.org.uy\/sitio\/?page_id=284\" title=\"Revistas 2012 a 2014\">Revistas 2012 a 2014<\/a><\/h3><div class=\"page-list-ext-item-content\">\u00a0 <\/div><\/div>\n<div class=\"page-list-ext-item\"><div class=\"page-list-ext-image\"><a href=\"http:\/\/spu.org.uy\/sitio\/?page_id=558\" title=\"Octubre 2014\"><img src=\"http:\/\/spu.org.uy\/sitio\/wp-content\/uploads\/2014\/11\/TAPA_78_2-150x150.jpg\" width=\"150\" alt=\"Octubre 2014\" \/><\/a><\/div> <h3 class=\"page-list-ext-title\"><a href=\"http:\/\/spu.org.uy\/sitio\/?page_id=558\" title=\"Octubre 2014\">Octubre 2014<\/a><\/h3><div class=\"page-list-ext-item-content\">Revista de Psiquiatr\u00eda del Uruguay  \r\n \r\nVol. 78 No. 2, Octubre 2014  \r\n \r\nIndice \r\n&nbsp;\r\n\r\nEditorial  \r\n\r\nSandra Romano \r\n\r\nTrabajo original \r\n\r\nFrecuencia de depresi\u00f3n en los pacientes que consultan en las policl\u00ednicas de medicina interna del Hospital de...<\/div><\/div>\n<div class=\"page-list-ext-item\"><div class=\"page-list-ext-image\"><a href=\"http:\/\/spu.org.uy\/sitio\/?page_id=353\" title=\"Marzo 2014\"><img src=\"http:\/\/spu.org.uy\/sitio\/wp-content\/uploads\/2014\/09\/TAPA_78_1c.gif\" width=\"150\" alt=\"Marzo 2014\" \/><\/a><\/div> <h3 class=\"page-list-ext-title\"><a href=\"http:\/\/spu.org.uy\/sitio\/?page_id=353\" title=\"Marzo 2014\">Marzo 2014<\/a><\/h3><div class=\"page-list-ext-item-content\">Revista de Psiquiatr\u00eda del Uruguay\u00a0  \r\nVol.\u00a078 No. 1,\u00a0Marzo 2014  \r\n&nbsp;\r\nEditorial \r\nSandra Romano  \r\nTrabajo original\u00a0 \r\nEvaluaci\u00f3n de resultados de un programa de rehabilitaci\u00f3n psicosocial integral (Centro de D\u00eda)\r\npara personas con trastorno mental ...<\/div><\/div>\n<div class=\"page-list-ext-item\"><div class=\"page-list-ext-image\"><a href=\"http:\/\/spu.org.uy\/sitio\/?page_id=350\" title=\"Junio 2013\"><img src=\"http:\/\/spu.org.uy\/sitio\/wp-content\/uploads\/2014\/09\/TAPA__77_1-chica.jpg\" width=\"150\" alt=\"Junio 2013\" \/><\/a><\/div> <h3 class=\"page-list-ext-title\"><a href=\"http:\/\/spu.org.uy\/sitio\/?page_id=350\" title=\"Junio 2013\">Junio 2013<\/a><\/h3><div class=\"page-list-ext-item-content\">\r\nRevista de Psiquiatr\u00eda del Uruguay  \r\nVol.\u00a077 No. 1,\u00a0Junio 2013  \r\n \r\n \r\nIndice \r\nEditorial  \r\n\r\n\r\n\tEditorial\r\n Sandra Romano  \r\n \r\nRevisiones  \r\n\r\n\r\n\tRevisi\u00f3n cr\u00edtica de la propuesta del DSM?5: el \u00abs\u00edndrome de s\u00edntomas psic\u00f3ticos atenuados\u00bb \r\nHumbert...<\/div><\/div>\n<div class=\"page-list-ext-item\"><div class=\"page-list-ext-image\"><a href=\"http:\/\/spu.org.uy\/sitio\/?page_id=347\" title=\"Setiembre 2012\"><img src=\"http:\/\/spu.org.uy\/sitio\/wp-content\/uploads\/2014\/09\/TAPA_REVISTA_76_1_chica.gif\" width=\"150\" alt=\"Setiembre 2012\" \/><\/a><\/div> <h3 class=\"page-list-ext-title\"><a href=\"http:\/\/spu.org.uy\/sitio\/?page_id=347\" title=\"Setiembre 2012\">Setiembre 2012<\/a><\/h3><div class=\"page-list-ext-item-content\">Revista de Psiquiatr\u00eda del Uruguay  \r\nVol.\u00a076 No. 1 \r\n Setiembre 2012  \r\n&nbsp;\r\nIndice \r\nEditorial  \r\n\r\n\r\n\tEditorial\r\n Sandra Romano  \r\n \r\nTrabajos originales  \r\n\r\n\r\n\tImplicancias de la medici\u00f3n del intervalo QTc como estudio de rutina en la pr\u00e1ctica psi...<\/div><\/div>\n<div class=\"page-list-ext-item\"><h3 class=\"page-list-ext-title\"><a href=\"http:\/\/spu.org.uy\/sitio\/?page_id=281\" title=\"Revistas 2008 a 2011\">Revistas 2008 a 2011<\/a><\/h3><div class=\"page-list-ext-item-content\">\u00a0 <\/div><\/div>\n<div class=\"page-list-ext-item\"><div class=\"page-list-ext-image\"><a href=\"http:\/\/spu.org.uy\/sitio\/?page_id=344\" title=\"Diciembre 2011\"><img src=\"http:\/\/spu.org.uy\/sitio\/wp-content\/uploads\/2014\/09\/TAPA_75_2_menos.gif\" width=\"150\" alt=\"Diciembre 2011\" \/><\/a><\/div> <h3 class=\"page-list-ext-title\"><a href=\"http:\/\/spu.org.uy\/sitio\/?page_id=344\" title=\"Diciembre 2011\">Diciembre 2011<\/a><\/h3><div class=\"page-list-ext-item-content\">Revista de Psiquiatr\u00eda del Uruguay  \r\nVol.\u00a075 No. 2,\u00a0Diciembre 2011  \r\n \r\nIndice \r\nEditorial  \r\n\r\n\r\n\tEditorial\r\n Federico Dajas  \r\n \r\nTrabajos originales  \r\n\r\n\r\n\tEvoluci\u00f3n en cuatro a\u00f1os de los trastornos del movimiento en pacientes internados\r\nen un h...<\/div><\/div>\n<div class=\"page-list-ext-item\"><div class=\"page-list-ext-image\"><a href=\"http:\/\/spu.org.uy\/sitio\/?page_id=341\" title=\"Agosto 2011\"><img src=\"http:\/\/spu.org.uy\/sitio\/wp-content\/uploads\/2014\/09\/TAPA__75_1_chica.gif\" width=\"150\" alt=\"Agosto 2011\" \/><\/a><\/div> <h3 class=\"page-list-ext-title\"><a href=\"http:\/\/spu.org.uy\/sitio\/?page_id=341\" title=\"Agosto 2011\">Agosto 2011<\/a><\/h3><div class=\"page-list-ext-item-content\">\r\n\r\n&nbsp;\r\nRevista de Psiquiatr\u00eda del Uruguay  \r\nVol.\u00a075 No. 1,\u00a0Agosto 2011  \r\n \r\n \r\nIndice \r\nEditorial  \r\n\r\n\r\n\tEditorial \r\nRicardo Bernardi  \r\n \r\nIntroducci\u00f3n  \r\n\r\n\r\n\tTrastornos fronterizos de la personalidad \r\nRicardo Bernardi  \r\n \r\nPsiquiatr\u00eda y Ps...<\/div><\/div>\n<div class=\"page-list-ext-item\"><div class=\"page-list-ext-image\"><a href=\"http:\/\/spu.org.uy\/sitio\/?page_id=338\" title=\"Diciembre 2010\"><img src=\"http:\/\/spu.org.uy\/sitio\/wp-content\/uploads\/2014\/09\/TAPA_74_2_menos.gif\" width=\"150\" alt=\"Diciembre 2010\" \/><\/a><\/div> <h3 class=\"page-list-ext-title\"><a href=\"http:\/\/spu.org.uy\/sitio\/?page_id=338\" title=\"Diciembre 2010\">Diciembre 2010<\/a><\/h3><div class=\"page-list-ext-item-content\">\r\nRevista de Psiquiatr\u00eda del Uruguay  \r\nVol.\u00a074 No. 2,\u00a0Diciembre 2010  \r\n \r\n \r\nIndice \r\nEditorial  \r\n\r\n\r\n\tEditorial \r\nFederico Dajas  \r\n \r\nCien a\u00f1os de psicoan\u00e1lisis  \r\n\r\n\r\n\tIntroducci\u00f3n \r\nRicardo Bernardi  \r\n\tRelaciones entre psiquiatr\u00eda y psicoan\u00e1lisis (desde ...<\/div><\/div>\n<div class=\"page-list-ext-item\"><div class=\"page-list-ext-image\"><a href=\"http:\/\/spu.org.uy\/sitio\/?page_id=335\" title=\"Agosto 2010\"><img src=\"http:\/\/spu.org.uy\/sitio\/wp-content\/uploads\/2014\/09\/TAPA_74_1_.jpg\" width=\"150\" alt=\"Agosto 2010\" \/><\/a><\/div> <h3 class=\"page-list-ext-title\"><a href=\"http:\/\/spu.org.uy\/sitio\/?page_id=335\" title=\"Agosto 2010\">Agosto 2010<\/a><\/h3><div class=\"page-list-ext-item-content\">Revista de Psiquiatr\u00eda del Uruguay  \r\nVol.\u00a074 No. 1,\u00a0Agosto 2010  \r\n \r\nIndice \r\nEditorial  \r\n\r\n\r\n\tEditorial \r\nLaura Viola  \r\n \r\nTrabajos originales  \r\n\r\n\r\n\tActos violentos en patolog\u00eda mental \r\nHumberto Casarotti  \r\n\tEl cerebro violento. Sobre la psi...<\/div><\/div>\n<div class=\"page-list-ext-item\"><div class=\"page-list-ext-image\"><a href=\"http:\/\/spu.org.uy\/sitio\/?page_id=332\" title=\"Diciembre 2009\"><img src=\"http:\/\/spu.org.uy\/sitio\/wp-content\/uploads\/2014\/09\/tapa_24.gif\" width=\"150\" alt=\"Diciembre 2009\" \/><\/a><\/div> <h3 class=\"page-list-ext-title\"><a href=\"http:\/\/spu.org.uy\/sitio\/?page_id=332\" title=\"Diciembre 2009\">Diciembre 2009<\/a><\/h3><div class=\"page-list-ext-item-content\">\r\nRevista de Psiquiatr\u00eda del Uruguay  \r\nVol.\u00a073 No. 2,\u00a0Diciembre 2009  \r\n \r\n \r\nIndice \r\n \r\nEditorial  \r\n\r\n\r\n\tEditorial \r\nSandra Romano  \r\n \r\nTrabajos originales  \r\n\r\n\r\n\tEstudio de los pacientes que recibieron ECT en el Hospital Vilardeb\u00f3 en el a\u00f1o 2006...<\/div><\/div>\n<div class=\"page-list-ext-item\"><div class=\"page-list-ext-image\"><a href=\"http:\/\/spu.org.uy\/sitio\/?page_id=329\" title=\"Agosto 2009\"><img src=\"http:\/\/spu.org.uy\/sitio\/wp-content\/uploads\/2014\/09\/tapa_23.gif\" width=\"150\" alt=\"Agosto 2009\" \/><\/a><\/div> <h3 class=\"page-list-ext-title\"><a href=\"http:\/\/spu.org.uy\/sitio\/?page_id=329\" title=\"Agosto 2009\">Agosto 2009<\/a><\/h3><div class=\"page-list-ext-item-content\">\r\nRevista de Psiquiatr\u00eda del Uruguay  \r\nVol.\u00a073 No. 1,\u00a0Agosto 2009  \r\n \r\n \r\nIndice \r\n\r\n\tEditorial \r\nDr. Federico Dajas  \r\n \r\nTrabajos originales  \r\n\r\n\r\n\tNeurobiolog\u00eda de la adicci\u00f3n \r\nT. Pereira  \r\n\tPrimer estudio pre-cl\u00ednico de la acci\u00f3n de pasta base d...<\/div><\/div>\n<div class=\"page-list-ext-item\"><div class=\"page-list-ext-image\"><a href=\"http:\/\/spu.org.uy\/sitio\/?page_id=326\" title=\"Diciembre 2008\"><img src=\"http:\/\/spu.org.uy\/sitio\/wp-content\/uploads\/2014\/09\/tapa_22.gif\" width=\"150\" alt=\"Diciembre 2008\" \/><\/a><\/div> <h3 class=\"page-list-ext-title\"><a href=\"http:\/\/spu.org.uy\/sitio\/?page_id=326\" title=\"Diciembre 2008\">Diciembre 2008<\/a><\/h3><div class=\"page-list-ext-item-content\">\r\n\r\n&nbsp;\r\nRevista de Psiquiatr\u00eda del Uruguay  \r\nVol.\u00a072 No. 2,\u00a0Diciembre 2008  \r\n&nbsp;\r\n\r\n \r\nIndice \r\nEditorial  \r\n\r\n\r\n\tConocer nuestra realidad, actuar sobre ella y evaluar resultados \r\nComit\u00e9 Editorial  \r\n \r\nTrabajos originales  \r\n\r\n\r\n\tCalidad de ...<\/div><\/div>\n<div class=\"page-list-ext-item\"><div class=\"page-list-ext-image\"><a href=\"http:\/\/spu.org.uy\/sitio\/?page_id=323\" title=\"Agosto 2008\"><img src=\"http:\/\/spu.org.uy\/sitio\/wp-content\/uploads\/2014\/09\/tapa_21.gif\" width=\"150\" alt=\"Agosto 2008\" \/><\/a><\/div> <h3 class=\"page-list-ext-title\"><a href=\"http:\/\/spu.org.uy\/sitio\/?page_id=323\" title=\"Agosto 2008\">Agosto 2008<\/a><\/h3><div class=\"page-list-ext-item-content\">\r\nRevista de Psiquiatr\u00eda del Uruguay  \r\nVol.\u00a072 No. 1,\u00a0Agosto 2008  \r\n \r\n \r\nIndice \r\n\r\n\tEditorial \r\nDr. Federico Dajas  \r\n \r\nTrabajo original  \r\n\r\n\r\n\tCaracter\u00edsticas epidemiol\u00f3gicas de la salud mental de los ni\u00f1os montevideanos \r\nLaura Viola, Gabriela Garri...<\/div><\/div>\n<div class=\"page-list-ext-item\"><h3 class=\"page-list-ext-title\"><a href=\"http:\/\/spu.org.uy\/sitio\/?page_id=279\" title=\"Revistas 2004 a 2007\">Revistas 2004 a 2007<\/a><\/h3><div class=\"page-list-ext-item-content\">\u00a0 <\/div><\/div>\n<div class=\"page-list-ext-item\"><div class=\"page-list-ext-image\"><a href=\"http:\/\/spu.org.uy\/sitio\/?page_id=320\" title=\"Diciembre 2007\"><img src=\"http:\/\/spu.org.uy\/sitio\/wp-content\/uploads\/2014\/09\/tapa_2.gif\" width=\"150\" alt=\"Diciembre 2007\" \/><\/a><\/div> <h3 class=\"page-list-ext-title\"><a href=\"http:\/\/spu.org.uy\/sitio\/?page_id=320\" title=\"Diciembre 2007\">Diciembre 2007<\/a><\/h3><div class=\"page-list-ext-item-content\">\r\nRevista de Psiquiatr\u00eda del Uruguay  \r\nVol.\u00a071 No. 2,\u00a0 Diciembre 2007  \r\n&nbsp;\r\n\r\n \r\nIndice \r\n\r\n\tEditorial \r\nDr. Federico Dajas  \r\n \r\nAspectos de Salud Mental  \r\n\r\n\r\n\tAportes a un debate sobre la Organizaci\u00f3n de la Atenci\u00f3n en Salud Mental y Psiquiatr\u00eda \r\nSan...<\/div><\/div>\n<div class=\"page-list-ext-item\"><div class=\"page-list-ext-image\"><a href=\"http:\/\/spu.org.uy\/sitio\/?page_id=316\" title=\"Agosto 2007\"><img src=\"http:\/\/spu.org.uy\/sitio\/wp-content\/uploads\/2014\/09\/71_1_tapa_2.gif\" width=\"150\" alt=\"Agosto 2007\" \/><\/a><\/div> <h3 class=\"page-list-ext-title\"><a href=\"http:\/\/spu.org.uy\/sitio\/?page_id=316\" title=\"Agosto 2007\">Agosto 2007<\/a><\/h3><div class=\"page-list-ext-item-content\">\nRevista de Psiquiatr\u00eda del Uruguay  \nVol.\u00a071 No. 1 ,\u00a0Agosto 2007  \n  \nIndice \nEditorial  \n\n\n \tReconocimiento a la Dra. Yubarandt Bespali  \n \nHomenaje  \n\n\n \tProblemas planteados por el consumo de PBC en la psiquiatr\u00eda forense \nDres. Nelson B\u00f3 S\u00e1nchez, Ubald...<\/div><\/div>\n<div class=\"page-list-ext-item\"><div class=\"page-list-ext-image\"><a href=\"http:\/\/spu.org.uy\/sitio\/?page_id=313\" title=\"Diciembre 2006\"><img src=\"http:\/\/spu.org.uy\/sitio\/wp-content\/uploads\/2014\/09\/70_2.gif\" width=\"150\" alt=\"Diciembre 2006\" \/><\/a><\/div> <h3 class=\"page-list-ext-title\"><a href=\"http:\/\/spu.org.uy\/sitio\/?page_id=313\" title=\"Diciembre 2006\">Diciembre 2006<\/a><\/h3><div class=\"page-list-ext-item-content\">\r\nRevista de Psiquiatr\u00eda del Uruguay  \r\nVol.\u00a070 No. 2,\u00a0Diciembre 2006  \r\n&nbsp;\r\n\r\n&nbsp;\r\n\r\n  \r\nIndice \r\nEditorial  \r\n\r\n\r\n\tLa Revista de Psiquiatr\u00eda como el espacio que contribuya a formar una visi\u00f3n global de la enfermedad mental \r\nDr. Federico Daja...<\/div><\/div>\n<div class=\"page-list-ext-item\"><div class=\"page-list-ext-image\"><a href=\"http:\/\/spu.org.uy\/sitio\/?page_id=310\" title=\"Julio 2006\"><img src=\"http:\/\/spu.org.uy\/sitio\/wp-content\/uploads\/2014\/09\/tapa_70_1.gif\" width=\"150\" alt=\"Julio 2006\" \/><\/a><\/div> <h3 class=\"page-list-ext-title\"><a href=\"http:\/\/spu.org.uy\/sitio\/?page_id=310\" title=\"Julio 2006\">Julio 2006<\/a><\/h3><div class=\"page-list-ext-item-content\">\r\nRevista de Psiquiatr\u00eda del Uruguay  \r\nVol.\u00a070 No. 1 ,\u00a0Julio 2006  \r\n \r\n \r\nIndice \r\nEditorial  \r\n\r\n\r\n\tLa actividad cient\u00edfica en Psiquiatr\u00eda  \r\n \r\nTrabajos originales  \r\n\r\n\r\n\tHomicidio y enfermedad mental \r\nDres. Pablo Fielitz, Freddy Cardozo  \r\n \r\nAs...<\/div><\/div>\n<div class=\"page-list-ext-item\"><div class=\"page-list-ext-image\"><a href=\"http:\/\/spu.org.uy\/sitio\/?page_id=307\" title=\"Diciembre 2005\"><img src=\"http:\/\/spu.org.uy\/sitio\/wp-content\/uploads\/2014\/09\/tapa_69_2.jpg\" width=\"150\" alt=\"Diciembre 2005\" \/><\/a><\/div> <h3 class=\"page-list-ext-title\"><a href=\"http:\/\/spu.org.uy\/sitio\/?page_id=307\" title=\"Diciembre 2005\">Diciembre 2005<\/a><\/h3><div class=\"page-list-ext-item-content\">Revista de Psiquiatr\u00eda del Uruguay  \r\nVol.\u00a069 No. 2,\u00a0Diciembre 2005  \r\n&nbsp;\r\nIndice \r\nEditorial  \r\n\r\n\r\n\tNuestros 70 a\u00f1os de publicaci\u00f3n y las revistas de  \u00a0\"libre acceso\"   \r\nDra. Yubarandt Bespali\r\n  \r\n \r\nTrabajos originales  \r\n\r\n\r\n\tDescripci\u00f3n y eval...<\/div><\/div>\n<div class=\"page-list-ext-item\"><div class=\"page-list-ext-image\"><a href=\"http:\/\/spu.org.uy\/sitio\/?page_id=299\" title=\"Julio 2005\"><img src=\"http:\/\/spu.org.uy\/sitio\/wp-content\/uploads\/2014\/09\/tapa_revista.gif\" width=\"150\" alt=\"Julio 2005\" \/><\/a><\/div> <h3 class=\"page-list-ext-title\"><a href=\"http:\/\/spu.org.uy\/sitio\/?page_id=299\" title=\"Julio 2005\">Julio 2005<\/a><\/h3><div class=\"page-list-ext-item-content\">\r\nRevista de Psiquiatr\u00eda del Uruguay  \r\nVol.\u00a069 No. 1,\u00a0 Julio 2005  \r\n&nbsp;\r\n\r\n \r\nIndice \r\nEditorial  \r\n\r\n\r\n\tNuestra Revista de Psiquiatr\u00eda y la Salud Mental \r\nDra. Margarita Arduino  \r\n \r\nForo de discusi\u00f3n  \r\n\r\n\r\n\tLa gu\u00eda cl\u00ednica en la psicoterapia \r\nDr. ...<\/div><\/div>\n<div class=\"page-list-ext-item\"><div class=\"page-list-ext-image\"><a href=\"http:\/\/spu.org.uy\/sitio\/?page_id=296\" title=\"Diciembre 2004\"><img src=\"http:\/\/spu.org.uy\/sitio\/wp-content\/uploads\/2014\/09\/tapa_68_2.gif\" width=\"150\" alt=\"Diciembre 2004\" \/><\/a><\/div> <h3 class=\"page-list-ext-title\"><a href=\"http:\/\/spu.org.uy\/sitio\/?page_id=296\" title=\"Diciembre 2004\">Diciembre 2004<\/a><\/h3><div class=\"page-list-ext-item-content\">Revista de Psiquiatr\u00eda del Uruguay  \r\nVol.\u00a068 No. 2,\u00a0 Diciembre 2004  \r\n&nbsp;\r\nIndice \r\n\r\n\tEditorial \r\nDr. Federico Dajas  \r\n \r\nPautas de tratamiento  \r\n\r\n\r\n\tGu\u00eda cl\u00ednica para la psicoterapia \r\nDr. Ricardo Bernardi, Lic. Denise Defey, Alejandro Garb...<\/div><\/div>\n<div class=\"page-list-ext-item\"><div class=\"page-list-ext-image\"><a href=\"http:\/\/spu.org.uy\/sitio\/?page_id=288\" title=\"Julio 2004\"><img src=\"http:\/\/spu.org.uy\/sitio\/wp-content\/uploads\/2014\/09\/tapa_jun2004.gif\" width=\"150\" alt=\"Julio 2004\" \/><\/a><\/div> <h3 class=\"page-list-ext-title\"><a href=\"http:\/\/spu.org.uy\/sitio\/?page_id=288\" title=\"Julio 2004\">Julio 2004<\/a><\/h3><div class=\"page-list-ext-item-content\">\r\nRevista de Psiquiatr\u00eda del Uruguay  \r\nVol.\u00a068 No. 1,\u00a0Julio 2004  \r\n \r\n \r\nIndice \r\n \r\nEditorial  \r\n\r\n\r\n\tUna Revista antigua y actualizada \r\nEl Cuerpo de Redacci\u00f3n\u00a0  \r\n \r\nPautas de tratamiento  \r\n\r\n\r\n\tElectroconvulsoterapia: fundamentos y pautas de u...<\/div><\/div>\n\n<\/div>\n<p>Correo electr\u00f3nico: rev.psiquiatr.urug@spu.org.uy<\/p>\n<p><a class=\"style11\" href=\"revista\/dic2006\/normas de aceptacion.pdf\" target=\"_blank\" rel=\"noopener noreferrer\">Normas de publicaci\u00f3n de originales<\/a><\/p>\n<p>&nbsp;<\/p>\n","protected":false},"excerpt":{"rendered":"<p>Correo electr\u00f3nico: rev.psiquiatr.urug@spu.org.uy Normas de publicaci\u00f3n de originales &nbsp;<\/p>\n","protected":false},"author":1,"featured_media":0,"parent":45,"menu_order":1,"comment_status":"closed","ping_status":"closed","template":"","meta":[],"_links":{"self":[{"href":"http:\/\/spu.org.uy\/sitio\/index.php?rest_route=\/wp\/v2\/pages\/47"}],"collection":[{"href":"http:\/\/spu.org.uy\/sitio\/index.php?rest_route=\/wp\/v2\/pages"}],"about":[{"href":"http:\/\/spu.org.uy\/sitio\/index.php?rest_route=\/wp\/v2\/types\/page"}],"author":[{"embeddable":true,"href":"http:\/\/spu.org.uy\/sitio\/index.php?rest_route=\/wp\/v2\/users\/1"}],"replies":[{"embeddable":true,"href":"http:\/\/spu.org.uy\/sitio\/index.php?rest_route=%2Fwp%2Fv2%2Fcomments&post=47"}],"version-history":[{"count":5,"href":"http:\/\/spu.org.uy\/sitio\/index.php?rest_route=\/wp\/v2\/pages\/47\/revisions"}],"predecessor-version":[{"id":1817,"href":"http:\/\/spu.org.uy\/sitio\/index.php?rest_route=\/wp\/v2\/pages\/47\/revisions\/1817"}],"up":[{"embeddable":true,"href":"http:\/\/spu.org.uy\/sitio\/index.php?rest_route=\/wp\/v2\/pages\/45"}],"wp:attachment":[{"href":"http:\/\/spu.org.uy\/sitio\/index.php?rest_route=%2Fwp%2Fv2%2Fmedia&parent=47"}],"curies":[{"name":"wp","href":"https:\/\/api.w.org\/{rel}","templated":true}]}}